{"id":3517,"date":"2024-08-09T04:00:36","date_gmt":"2024-08-09T07:00:36","guid":{"rendered":"https:\/\/corralonsanchezbelen.com\/?post_type=product&#038;p=3517"},"modified":"2024-08-09T04:00:36","modified_gmt":"2024-08-09T07:00:36","slug":"grupo-electrogeno-generador-arranque-electrico-6-5-hp-2200-w","status":"publish","type":"product","link":"https:\/\/corralonsanchezbelen.com\/index.php\/producto\/grupo-electrogeno-generador-arranque-electrico-6-5-hp-2200-w\/","title":{"rendered":"Grupo Electrogeno Generador Arranque El\u00e9ctrico 6.5 Hp 2200 W"},"content":{"rendered":"<div class=\"ui-pdp-container__row ui-pdp-container__row--highlighted-features-title\">\n<h2 class=\"ui-vpp-text-alignment--left ui-pdp-color--BLACK ui-pdp-size--XSMALL ui-pdp-family--SEMIBOLD highlighted-features-title\">Lo que ten\u00e9s que saber de este producto<\/h2>\n<\/div>\n<div class=\"ui-pdp-container__row ui-pdp-container__row--highlighted-features\">\n<div class=\"ui-vpp-highlighted-specs__features\">\n<ul class=\"ui-vpp-highlighted-specs__features-list\">\n<li class=\"ui-vpp-highlighted-specs__features-list-item ui-pdp-color--BLACK ui-pdp-size--XSMALL ui-pdp-family--REGULAR\">Voltaje de corriente alterna: 220V<\/li>\n<li class=\"ui-vpp-highlighted-specs__features-list-item ui-pdp-color--BLACK ui-pdp-size--XSMALL ui-pdp-family--REGULAR\">Tipo de arranque: el\u00e9ctrico.<\/li>\n<li class=\"ui-vpp-highlighted-specs__features-list-item ui-pdp-color--BLACK ui-pdp-size--XSMALL ui-pdp-family--REGULAR\">Tipo de alimentaci\u00f3n: nafta.<\/li>\n<li class=\"ui-vpp-highlighted-specs__features-list-item ui-pdp-color--BLACK ui-pdp-size--XSMALL ui-pdp-family--REGULAR\">Pesa 42kg.<\/li>\n<li class=\"ui-vpp-highlighted-specs__features-list-item ui-pdp-color--BLACK ui-pdp-size--XSMALL ui-pdp-family--REGULAR\">Cuenta con una autonom\u00eda de 18 horas.<\/li>\n<\/ul>\n<\/div>\n<\/div>\n","protected":false},"excerpt":{"rendered":"<h2 class=\"ui-pdp-description__title\">Descripci\u00f3n<\/h2>\n<p class=\"ui-pdp-description__content\">\u00bfSal\u00eds de campamento? \u00bfTe quedaste sin luz en casa? El generador port\u00e1til Fema 2600es una de las herramientas m\u00e1s \u00fatiles para realizar tus actividades sin preocuparte por los cortes de suministro. Adem\u00e1s, es compacto, ocupa poco espacio y es f\u00e1cil de usar.<\/p>\n<p>Adaptado a tus necesidades<br \/>\nTendr\u00e1s mayor tranquilidad a la hora de manipularlo gracias a sus 18h de autonom\u00eda. Te posibilitar\u00e1 disfrutar de las comodidades a las que est\u00e1s acostumbrado: iluminaci\u00f3n, calefacci\u00f3n o climatizaci\u00f3n e incluso la conexi\u00f3n simult\u00e1nea de tus electrodom\u00e9sticos.<\/p>\n","protected":false},"featured_media":3518,"comment_status":"open","ping_status":"closed","template":"","meta":[],"product_brand":[],"product_cat":[153,168,158],"product_tag":[154],"class_list":{"0":"post-3517","1":"product","2":"type-product","3":"status-publish","4":"has-post-thumbnail","6":"product_cat-fema","7":"product_cat-generadores","8":"product_cat-productos-electricos","9":"product_tag-fema","11":"first","12":"instock","13":"taxable","14":"shipping-taxable","15":"product-type-simple"},"yoast_head":"<!-- This site is optimized with the Yoast SEO plugin v24.7 - https:\/\/yoast.com\/wordpress\/plugins\/seo\/ -->\n<title>Grupo Electrogeno Generador Arranque El\u00e9ctrico 6.5 Hp 2200 W - Corralon Sanchez<\/title>\n<meta name=\"description\" content=\"Descripci\u00f3n \u00bfSal\u00eds de campamento? \u00bfTe quedaste sin luz en casa? El generador port\u00e1til Fema 2600es una de las herramientas m\u00e1s \u00fatiles para realizar tus actividades sin preocuparte por los cortes de suministro. Adem\u00e1s, es compacto, ocupa poco espacio y es f\u00e1cil de usar.  Adaptado a tus necesidades Tendr\u00e1s mayor tranquilidad a la hora de manipularlo gracias a sus 18h de autonom\u00eda. Te posibilitar\u00e1 disfrutar de las comodidades a las que est\u00e1s acostumbrado: iluminaci\u00f3n, calefacci\u00f3n o climatizaci\u00f3n e incluso la conexi\u00f3n simult\u00e1nea de tus electrodom\u00e9sticos.\" \/>\n<meta name=\"robots\" content=\"index, follow, max-snippet:-1, max-image-preview:large, max-video-preview:-1\" \/>\n<link rel=\"canonical\" href=\"https:\/\/corralonsanchezbelen.com\/index.php\/producto\/grupo-electrogeno-generador-arranque-electrico-6-5-hp-2200-w\/\" \/>\n<meta property=\"og:locale\" content=\"es_ES\" \/>\n<meta property=\"og:type\" content=\"article\" \/>\n<meta property=\"og:title\" content=\"Grupo Electrogeno Generador Arranque El\u00e9ctrico 6.5 Hp 2200 W - Corralon Sanchez\" \/>\n<meta property=\"og:description\" content=\"Descripci\u00f3n \u00bfSal\u00eds de campamento? \u00bfTe quedaste sin luz en casa? El generador port\u00e1til Fema 2600es una de las herramientas m\u00e1s \u00fatiles para realizar tus actividades sin preocuparte por los cortes de suministro. Adem\u00e1s, es compacto, ocupa poco espacio y es f\u00e1cil de usar.  Adaptado a tus necesidades Tendr\u00e1s mayor tranquilidad a la hora de manipularlo gracias a sus 18h de autonom\u00eda. Te posibilitar\u00e1 disfrutar de las comodidades a las que est\u00e1s acostumbrado: iluminaci\u00f3n, calefacci\u00f3n o climatizaci\u00f3n e incluso la conexi\u00f3n simult\u00e1nea de tus electrodom\u00e9sticos.\" \/>\n<meta property=\"og:url\" content=\"https:\/\/corralonsanchezbelen.com\/index.php\/producto\/grupo-electrogeno-generador-arranque-electrico-6-5-hp-2200-w\/\" \/>\n<meta property=\"og:site_name\" content=\"Corralon Sanchez\" \/>\n<meta property=\"article:publisher\" content=\"https:\/\/www.facebook.com\/corralon.sanchez.belen\" \/>\n<meta property=\"og:image\" content=\"https:\/\/corralonsanchezbelen.com\/wp-content\/uploads\/2024\/08\/D_NQ_NP_611525-MLU75534491666_042024-O.webp\" \/>\n\t<meta property=\"og:image:width\" content=\"500\" \/>\n\t<meta property=\"og:image:height\" content=\"372\" \/>\n\t<meta property=\"og:image:type\" content=\"image\/webp\" \/>\n<meta name=\"twitter:card\" content=\"summary_large_image\" \/>\n<meta name=\"twitter:label1\" content=\"Tiempo de lectura\" \/>\n\t<meta name=\"twitter:data1\" content=\"1 minuto\" \/>\n<script type=\"application\/ld+json\" class=\"yoast-schema-graph\">{\"@context\":\"https:\/\/schema.org\",\"@graph\":[{\"@type\":\"WebPage\",\"@id\":\"https:\/\/corralonsanchezbelen.com\/index.php\/producto\/grupo-electrogeno-generador-arranque-electrico-6-5-hp-2200-w\/\",\"url\":\"https:\/\/corralonsanchezbelen.com\/index.php\/producto\/grupo-electrogeno-generador-arranque-electrico-6-5-hp-2200-w\/\",\"name\":\"Grupo Electrogeno Generador Arranque El\u00e9ctrico 6.5 Hp 2200 W - Corralon Sanchez\",\"isPartOf\":{\"@id\":\"https:\/\/corralonsanchezbelen.com\/#website\"},\"primaryImageOfPage\":{\"@id\":\"https:\/\/corralonsanchezbelen.com\/index.php\/producto\/grupo-electrogeno-generador-arranque-electrico-6-5-hp-2200-w\/#primaryimage\"},\"image\":{\"@id\":\"https:\/\/corralonsanchezbelen.com\/index.php\/producto\/grupo-electrogeno-generador-arranque-electrico-6-5-hp-2200-w\/#primaryimage\"},\"thumbnailUrl\":\"https:\/\/corralonsanchezbelen.com\/wp-content\/uploads\/2024\/08\/D_NQ_NP_611525-MLU75534491666_042024-O.webp\",\"datePublished\":\"2024-08-09T07:00:36+00:00\",\"description\":\"Descripci\u00f3n \u00bfSal\u00eds de campamento? \u00bfTe quedaste sin luz en casa? El generador port\u00e1til Fema 2600es una de las herramientas m\u00e1s \u00fatiles para realizar tus actividades sin preocuparte por los cortes de suministro. Adem\u00e1s, es compacto, ocupa poco espacio y es f\u00e1cil de usar. Adaptado a tus necesidades Tendr\u00e1s mayor tranquilidad a la hora de manipularlo gracias a sus 18h de autonom\u00eda. Te posibilitar\u00e1 disfrutar de las comodidades a las que est\u00e1s acostumbrado: iluminaci\u00f3n, calefacci\u00f3n o climatizaci\u00f3n e incluso la conexi\u00f3n simult\u00e1nea de tus electrodom\u00e9sticos.\",\"breadcrumb\":{\"@id\":\"https:\/\/corralonsanchezbelen.com\/index.php\/producto\/grupo-electrogeno-generador-arranque-electrico-6-5-hp-2200-w\/#breadcrumb\"},\"inLanguage\":\"es\",\"potentialAction\":[{\"@type\":\"ReadAction\",\"target\":[\"https:\/\/corralonsanchezbelen.com\/index.php\/producto\/grupo-electrogeno-generador-arranque-electrico-6-5-hp-2200-w\/\"]}]},{\"@type\":\"ImageObject\",\"inLanguage\":\"es\",\"@id\":\"https:\/\/corralonsanchezbelen.com\/index.php\/producto\/grupo-electrogeno-generador-arranque-electrico-6-5-hp-2200-w\/#primaryimage\",\"url\":\"https:\/\/corralonsanchezbelen.com\/wp-content\/uploads\/2024\/08\/D_NQ_NP_611525-MLU75534491666_042024-O.webp\",\"contentUrl\":\"https:\/\/corralonsanchezbelen.com\/wp-content\/uploads\/2024\/08\/D_NQ_NP_611525-MLU75534491666_042024-O.webp\",\"width\":500,\"height\":372},{\"@type\":\"BreadcrumbList\",\"@id\":\"https:\/\/corralonsanchezbelen.com\/index.php\/producto\/grupo-electrogeno-generador-arranque-electrico-6-5-hp-2200-w\/#breadcrumb\",\"itemListElement\":[{\"@type\":\"ListItem\",\"position\":1,\"name\":\"Portada\",\"item\":\"https:\/\/corralonsanchezbelen.com\/\"},{\"@type\":\"ListItem\",\"position\":2,\"name\":\"Tienda\",\"item\":\"https:\/\/corralonsanchezbelen.com\/index.php\/tienda-2\/\"},{\"@type\":\"ListItem\",\"position\":3,\"name\":\"Grupo Electrogeno Generador Arranque El\u00e9ctrico 6.5 Hp 2200 W\"}]},{\"@type\":\"WebSite\",\"@id\":\"https:\/\/corralonsanchezbelen.com\/#website\",\"url\":\"https:\/\/corralonsanchezbelen.com\/\",\"name\":\"Corralon Sanchez\",\"description\":\"El maestro de la construcci\u00f3n.\",\"publisher\":{\"@id\":\"https:\/\/corralonsanchezbelen.com\/#organization\"},\"potentialAction\":[{\"@type\":\"SearchAction\",\"target\":{\"@type\":\"EntryPoint\",\"urlTemplate\":\"https:\/\/corralonsanchezbelen.com\/?s={search_term_string}\"},\"query-input\":{\"@type\":\"PropertyValueSpecification\",\"valueRequired\":true,\"valueName\":\"search_term_string\"}}],\"inLanguage\":\"es\"},{\"@type\":\"Organization\",\"@id\":\"https:\/\/corralonsanchezbelen.com\/#organization\",\"name\":\"Corralon Sanchez\",\"url\":\"https:\/\/corralonsanchezbelen.com\/\",\"logo\":{\"@type\":\"ImageObject\",\"inLanguage\":\"es\",\"@id\":\"https:\/\/corralonsanchezbelen.com\/#\/schema\/logo\/image\/\",\"url\":\"https:\/\/corralonsanchezbelen.com\/wp-content\/uploads\/2024\/06\/Diseno-sin-tituloq.png\",\"contentUrl\":\"https:\/\/corralonsanchezbelen.com\/wp-content\/uploads\/2024\/06\/Diseno-sin-tituloq.png\",\"width\":1080,\"height\":1080,\"caption\":\"Corralon Sanchez\"},\"image\":{\"@id\":\"https:\/\/corralonsanchezbelen.com\/#\/schema\/logo\/image\/\"},\"sameAs\":[\"https:\/\/www.facebook.com\/corralon.sanchez.belen\",\"https:\/\/www.instagram.com\/corralon.sanchez\/\"]}]}<\/script>\n<!-- \/ Yoast SEO plugin. -->","yoast_head_json":{"title":"Grupo Electrogeno Generador Arranque El\u00e9ctrico 6.5 Hp 2200 W - Corralon Sanchez","description":"Descripci\u00f3n \u00bfSal\u00eds de campamento? \u00bfTe quedaste sin luz en casa? El generador port\u00e1til Fema 2600es una de las herramientas m\u00e1s \u00fatiles para realizar tus actividades sin preocuparte por los cortes de suministro. Adem\u00e1s, es compacto, ocupa poco espacio y es f\u00e1cil de usar.  Adaptado a tus necesidades Tendr\u00e1s mayor tranquilidad a la hora de manipularlo gracias a sus 18h de autonom\u00eda. Te posibilitar\u00e1 disfrutar de las comodidades a las que est\u00e1s acostumbrado: iluminaci\u00f3n, calefacci\u00f3n o climatizaci\u00f3n e incluso la conexi\u00f3n simult\u00e1nea de tus electrodom\u00e9sticos.","robots":{"index":"index","follow":"follow","max-snippet":"max-snippet:-1","max-image-preview":"max-image-preview:large","max-video-preview":"max-video-preview:-1"},"canonical":"https:\/\/corralonsanchezbelen.com\/index.php\/producto\/grupo-electrogeno-generador-arranque-electrico-6-5-hp-2200-w\/","og_locale":"es_ES","og_type":"article","og_title":"Grupo Electrogeno Generador Arranque El\u00e9ctrico 6.5 Hp 2200 W - Corralon Sanchez","og_description":"Descripci\u00f3n \u00bfSal\u00eds de campamento? \u00bfTe quedaste sin luz en casa? El generador port\u00e1til Fema 2600es una de las herramientas m\u00e1s \u00fatiles para realizar tus actividades sin preocuparte por los cortes de suministro. Adem\u00e1s, es compacto, ocupa poco espacio y es f\u00e1cil de usar.  Adaptado a tus necesidades Tendr\u00e1s mayor tranquilidad a la hora de manipularlo gracias a sus 18h de autonom\u00eda. Te posibilitar\u00e1 disfrutar de las comodidades a las que est\u00e1s acostumbrado: iluminaci\u00f3n, calefacci\u00f3n o climatizaci\u00f3n e incluso la conexi\u00f3n simult\u00e1nea de tus electrodom\u00e9sticos.","og_url":"https:\/\/corralonsanchezbelen.com\/index.php\/producto\/grupo-electrogeno-generador-arranque-electrico-6-5-hp-2200-w\/","og_site_name":"Corralon Sanchez","article_publisher":"https:\/\/www.facebook.com\/corralon.sanchez.belen","og_image":[{"width":500,"height":372,"url":"https:\/\/corralonsanchezbelen.com\/wp-content\/uploads\/2024\/08\/D_NQ_NP_611525-MLU75534491666_042024-O.webp","type":"image\/webp"}],"twitter_card":"summary_large_image","twitter_misc":{"Tiempo de lectura":"1 minuto"},"schema":{"@context":"https:\/\/schema.org","@graph":[{"@type":"WebPage","@id":"https:\/\/corralonsanchezbelen.com\/index.php\/producto\/grupo-electrogeno-generador-arranque-electrico-6-5-hp-2200-w\/","url":"https:\/\/corralonsanchezbelen.com\/index.php\/producto\/grupo-electrogeno-generador-arranque-electrico-6-5-hp-2200-w\/","name":"Grupo Electrogeno Generador Arranque El\u00e9ctrico 6.5 Hp 2200 W - Corralon Sanchez","isPartOf":{"@id":"https:\/\/corralonsanchezbelen.com\/#website"},"primaryImageOfPage":{"@id":"https:\/\/corralonsanchezbelen.com\/index.php\/producto\/grupo-electrogeno-generador-arranque-electrico-6-5-hp-2200-w\/#primaryimage"},"image":{"@id":"https:\/\/corralonsanchezbelen.com\/index.php\/producto\/grupo-electrogeno-generador-arranque-electrico-6-5-hp-2200-w\/#primaryimage"},"thumbnailUrl":"https:\/\/corralonsanchezbelen.com\/wp-content\/uploads\/2024\/08\/D_NQ_NP_611525-MLU75534491666_042024-O.webp","datePublished":"2024-08-09T07:00:36+00:00","description":"Descripci\u00f3n \u00bfSal\u00eds de campamento? \u00bfTe quedaste sin luz en casa? El generador port\u00e1til Fema 2600es una de las herramientas m\u00e1s \u00fatiles para realizar tus actividades sin preocuparte por los cortes de suministro. Adem\u00e1s, es compacto, ocupa poco espacio y es f\u00e1cil de usar. Adaptado a tus necesidades Tendr\u00e1s mayor tranquilidad a la hora de manipularlo gracias a sus 18h de autonom\u00eda. Te posibilitar\u00e1 disfrutar de las comodidades a las que est\u00e1s acostumbrado: iluminaci\u00f3n, calefacci\u00f3n o climatizaci\u00f3n e incluso la conexi\u00f3n simult\u00e1nea de tus electrodom\u00e9sticos.","breadcrumb":{"@id":"https:\/\/corralonsanchezbelen.com\/index.php\/producto\/grupo-electrogeno-generador-arranque-electrico-6-5-hp-2200-w\/#breadcrumb"},"inLanguage":"es","potentialAction":[{"@type":"ReadAction","target":["https:\/\/corralonsanchezbelen.com\/index.php\/producto\/grupo-electrogeno-generador-arranque-electrico-6-5-hp-2200-w\/"]}]},{"@type":"ImageObject","inLanguage":"es","@id":"https:\/\/corralonsanchezbelen.com\/index.php\/producto\/grupo-electrogeno-generador-arranque-electrico-6-5-hp-2200-w\/#primaryimage","url":"https:\/\/corralonsanchezbelen.com\/wp-content\/uploads\/2024\/08\/D_NQ_NP_611525-MLU75534491666_042024-O.webp","contentUrl":"https:\/\/corralonsanchezbelen.com\/wp-content\/uploads\/2024\/08\/D_NQ_NP_611525-MLU75534491666_042024-O.webp","width":500,"height":372},{"@type":"BreadcrumbList","@id":"https:\/\/corralonsanchezbelen.com\/index.php\/producto\/grupo-electrogeno-generador-arranque-electrico-6-5-hp-2200-w\/#breadcrumb","itemListElement":[{"@type":"ListItem","position":1,"name":"Portada","item":"https:\/\/corralonsanchezbelen.com\/"},{"@type":"ListItem","position":2,"name":"Tienda","item":"https:\/\/corralonsanchezbelen.com\/index.php\/tienda-2\/"},{"@type":"ListItem","position":3,"name":"Grupo Electrogeno Generador Arranque El\u00e9ctrico 6.5 Hp 2200 W"}]},{"@type":"WebSite","@id":"https:\/\/corralonsanchezbelen.com\/#website","url":"https:\/\/corralonsanchezbelen.com\/","name":"Corralon Sanchez","description":"El maestro de la construcci\u00f3n.","publisher":{"@id":"https:\/\/corralonsanchezbelen.com\/#organization"},"potentialAction":[{"@type":"SearchAction","target":{"@type":"EntryPoint","urlTemplate":"https:\/\/corralonsanchezbelen.com\/?s={search_term_string}"},"query-input":{"@type":"PropertyValueSpecification","valueRequired":true,"valueName":"search_term_string"}}],"inLanguage":"es"},{"@type":"Organization","@id":"https:\/\/corralonsanchezbelen.com\/#organization","name":"Corralon Sanchez","url":"https:\/\/corralonsanchezbelen.com\/","logo":{"@type":"ImageObject","inLanguage":"es","@id":"https:\/\/corralonsanchezbelen.com\/#\/schema\/logo\/image\/","url":"https:\/\/corralonsanchezbelen.com\/wp-content\/uploads\/2024\/06\/Diseno-sin-tituloq.png","contentUrl":"https:\/\/corralonsanchezbelen.com\/wp-content\/uploads\/2024\/06\/Diseno-sin-tituloq.png","width":1080,"height":1080,"caption":"Corralon Sanchez"},"image":{"@id":"https:\/\/corralonsanchezbelen.com\/#\/schema\/logo\/image\/"},"sameAs":["https:\/\/www.facebook.com\/corralon.sanchez.belen","https:\/\/www.instagram.com\/corralon.sanchez\/"]}]}},"_links":{"self":[{"href":"https:\/\/corralonsanchezbelen.com\/index.php\/wp-json\/wp\/v2\/product\/3517","targetHints":{"allow":["GET"]}}],"collection":[{"href":"https:\/\/corralonsanchezbelen.com\/index.php\/wp-json\/wp\/v2\/product"}],"about":[{"href":"https:\/\/corralonsanchezbelen.com\/index.php\/wp-json\/wp\/v2\/types\/product"}],"replies":[{"embeddable":true,"href":"https:\/\/corralonsanchezbelen.com\/index.php\/wp-json\/wp\/v2\/comments?post=3517"}],"wp:featuredmedia":[{"embeddable":true,"href":"https:\/\/corralonsanchezbelen.com\/index.php\/wp-json\/wp\/v2\/media\/3518"}],"wp:attachment":[{"href":"https:\/\/corralonsanchezbelen.com\/index.php\/wp-json\/wp\/v2\/media?parent=3517"}],"wp:term":[{"taxonomy":"product_brand","embeddable":true,"href":"https:\/\/corralonsanchezbelen.com\/index.php\/wp-json\/wp\/v2\/product_brand?post=3517"},{"taxonomy":"product_cat","embeddable":true,"href":"https:\/\/corralonsanchezbelen.com\/index.php\/wp-json\/wp\/v2\/product_cat?post=3517"},{"taxonomy":"product_tag","embeddable":true,"href":"https:\/\/corralonsanchezbelen.com\/index.php\/wp-json\/wp\/v2\/product_tag?post=3517"}],"curies":[{"name":"wp","href":"https:\/\/api.w.org\/{rel}","templated":true}]}}