{"id":3294,"date":"2024-08-05T04:13:44","date_gmt":"2024-08-05T07:13:44","guid":{"rendered":"https:\/\/corralonsanchezbelen.com\/?post_type=product&#038;p=3294"},"modified":"2024-08-05T04:16:31","modified_gmt":"2024-08-05T07:16:31","slug":"motosierra-ms-361-stihl","status":"publish","type":"product","link":"https:\/\/corralonsanchezbelen.com\/index.php\/producto\/motosierra-ms-361-stihl\/","title":{"rendered":"Motosierra MS 361 STIHL"},"content":{"rendered":"<div class=\"m_product-features__subheadline richtexteditor\">\n<p>SISTEMA ANTIVIBRACION:<br \/>\nPARA TRABAJAR CON MAYOR COMODIDAD. Durante el desarrollo de la potencia de la m\u00e1quina se producen vibraciones que se notan sobre todo en la zona de la empu\u00f1adura. Los elementos amortiguadores y el\u00e1sticos del sistema antivibraci\u00f3n STIHL reducen la transmisi\u00f3n de las vibraciones del motor a la zona de agarre y, por tanto, a tu cuerpo. El efecto: la m\u00e1quina se mueve menos y puedes trabajar con menor fatiga.<\/p>\n<p>DESCOMPRESI\u00d3N MANUAL:<br \/>\nARRANQUE SIN ESFUERZO. La v\u00e1lvula de descompresi\u00f3n facilita el arranque de la m\u00e1quina. Al arrancar, puedes vaciar una parte de la mezcla comprimida del cilindro abriendo la v\u00e1lvula. Esto protege el sistema de arranque y requiere menos esfuerzo al tirar de la cuerda de arranque.<\/p>\n<p>SISTEMA EMATIC:<br \/>\nREDUCE EL CONSUMO DE ACEITE. El sistema STIHL Ematic est\u00e1 compuesto por la espada STIHL Ematic o Ematic S, la cadena STIHL Oilomatic y la bomba de aceite de caudal regulable. Permite que el aceite de la cadena llegue a los puntos que necesitan lubricaci\u00f3n. De este modo, puedes reducir el consumo de aceite hasta un 50&amp;nbsp;%. Si trabajas a menudo en condiciones polvorientas o utilizas una espada larga, con el nuevo sistema de bombeo de aceite puedes aumentar la cantidad de aceite de forma r\u00e1pida y sencilla en cualquier momento.<\/p>\n<p>TENSADO LATERAL DE LA CADENA:<br \/>\nPARA UN TENSADO SENCILLO Y SEGURO. El tensado lateral de cadena permite un tensado y un cambio de la cadena seguro, f\u00e1cil y r\u00e1pido. El tornillo tensor se acciona lateralmente a trav\u00e9s de la tapa del pi\u00f1\u00f3n de la cadena.<\/p>\n<p>COMPENSADOR:<br \/>\nMENOR MANTENIMIENTO. El sistema de regulaci\u00f3n en el carburador, conocido como compensador, se encarga de mantener pr\u00e1cticamente constante durante mucho tiempo la potencia del motor, la calidad de los gases de escape y el consumo de combustible, aunque el filtro de aire est\u00e9 cada vez m\u00e1s sucio. Por tanto, solo tienes que limpiar el filtro de aire cuando percibas una disminuci\u00f3n notable del rendimiento. De este modo, puedes trabajar sin mantenimiento durante mucho tiempo.<\/p>\n<p>FILTRO DE AIRE DE LARGA DURACI\u00d3N:<br \/>\nMAYOR DURACI\u00d3N DEL FILTRO. La separaci\u00f3n previa elimina las part\u00edculas gruesas y de mayor tama\u00f1o del flujo de aire antes de que lleguen al filtro. El filtro HD2 mantiene incluso el polvo m\u00e1s fino alejado del motor y garantiza una larga vida \u00fatil del motor, intervalos de limpieza prolongados y un mantenimiento sencillo de la motosierra. Solo es posible hablar de un sistema de filtro de aire de larga duraci\u00f3n para motosierras con un equipamiento con separaci\u00f3n previa y filtro HD2. Con este sistema te beneficiar\u00e1s de una vida \u00fatil del filtro considerablemente m\u00e1s larga en comparaci\u00f3n con los sistemas de filtros de aire convencionales.<\/p>\n<\/div>\n","protected":false},"excerpt":{"rendered":"<h2 class=\"product-details__title\">Motosierra muy robusta para las m\u00e1ximas exigencias.<\/h2>\n<div class=\"product-details__description richtexteditor\">Extraordinaria relaci\u00f3n potencia-peso, tecnolog\u00eda de vanguardia y excepcional velocidad de corte y par motor. Equipada de serie con la cadena RSC de STIHL que absorbe las vibraciones. Los niveles de vibraciones m\u00e1s bajos de su clase. Disponible en tama\u00f1os de espada de 16&#8243;\/40cm a 20&#8243;\/50cm.<\/div>\n","protected":false},"featured_media":3290,"comment_status":"open","ping_status":"closed","template":"","meta":[],"product_brand":[],"product_cat":[126,137],"product_tag":[138],"class_list":{"0":"post-3294","1":"product","2":"type-product","3":"status-publish","4":"has-post-thumbnail","6":"product_cat-herramientas-electricas","7":"product_cat-motosierra","8":"product_tag-stihl","10":"first","11":"instock","12":"taxable","13":"shipping-taxable","14":"product-type-simple"},"yoast_head":"<!-- This site is optimized with the Yoast SEO plugin v24.7 - https:\/\/yoast.com\/wordpress\/plugins\/seo\/ -->\n<title>Motosierra MS 361 STIHL - Corralon Sanchez<\/title>\n<meta name=\"description\" content=\"Motosierra muy robusta para las m\u00e1ximas exigencias. Extraordinaria relaci\u00f3n potencia-peso, tecnolog\u00eda de vanguardia y excepcional velocidad de corte y par motor. Equipada de serie con la cadena RSC de STIHL que absorbe las vibraciones. Los niveles de vibraciones m\u00e1s bajos de su clase. Disponible en tama\u00f1os de espada de 16&quot;\/40cm a 20&quot;\/50cm.\" \/>\n<meta name=\"robots\" content=\"index, follow, max-snippet:-1, max-image-preview:large, max-video-preview:-1\" \/>\n<link rel=\"canonical\" href=\"https:\/\/corralonsanchezbelen.com\/index.php\/producto\/motosierra-ms-361-stihl\/\" \/>\n<meta property=\"og:locale\" content=\"es_ES\" \/>\n<meta property=\"og:type\" content=\"article\" \/>\n<meta property=\"og:title\" content=\"Motosierra MS 361 STIHL - Corralon Sanchez\" \/>\n<meta property=\"og:description\" content=\"Motosierra muy robusta para las m\u00e1ximas exigencias. Extraordinaria relaci\u00f3n potencia-peso, tecnolog\u00eda de vanguardia y excepcional velocidad de corte y par motor. Equipada de serie con la cadena RSC de STIHL que absorbe las vibraciones. Los niveles de vibraciones m\u00e1s bajos de su clase. Disponible en tama\u00f1os de espada de 16&quot;\/40cm a 20&quot;\/50cm.\" \/>\n<meta property=\"og:url\" content=\"https:\/\/corralonsanchezbelen.com\/index.php\/producto\/motosierra-ms-361-stihl\/\" \/>\n<meta property=\"og:site_name\" content=\"Corralon Sanchez\" \/>\n<meta property=\"article:publisher\" content=\"https:\/\/www.facebook.com\/corralon.sanchez.belen\" \/>\n<meta property=\"article:modified_time\" content=\"2024-08-05T07:16:31+00:00\" \/>\n<meta property=\"og:image\" content=\"https:\/\/corralonsanchezbelen.com\/wp-content\/uploads\/2024\/08\/img-1-1.jpg\" \/>\n\t<meta property=\"og:image:width\" content=\"1065\" \/>\n\t<meta property=\"og:image:height\" content=\"525\" \/>\n\t<meta property=\"og:image:type\" content=\"image\/jpeg\" \/>\n<meta name=\"twitter:card\" content=\"summary_large_image\" \/>\n<meta name=\"twitter:label1\" content=\"Tiempo de lectura\" \/>\n\t<meta name=\"twitter:data1\" content=\"3 minutos\" \/>\n<script type=\"application\/ld+json\" class=\"yoast-schema-graph\">{\"@context\":\"https:\/\/schema.org\",\"@graph\":[{\"@type\":\"WebPage\",\"@id\":\"https:\/\/corralonsanchezbelen.com\/index.php\/producto\/motosierra-ms-361-stihl\/\",\"url\":\"https:\/\/corralonsanchezbelen.com\/index.php\/producto\/motosierra-ms-361-stihl\/\",\"name\":\"Motosierra MS 361 STIHL - Corralon Sanchez\",\"isPartOf\":{\"@id\":\"https:\/\/corralonsanchezbelen.com\/#website\"},\"primaryImageOfPage\":{\"@id\":\"https:\/\/corralonsanchezbelen.com\/index.php\/producto\/motosierra-ms-361-stihl\/#primaryimage\"},\"image\":{\"@id\":\"https:\/\/corralonsanchezbelen.com\/index.php\/producto\/motosierra-ms-361-stihl\/#primaryimage\"},\"thumbnailUrl\":\"https:\/\/corralonsanchezbelen.com\/wp-content\/uploads\/2024\/08\/img-1-1.jpg\",\"datePublished\":\"2024-08-05T07:13:44+00:00\",\"dateModified\":\"2024-08-05T07:16:31+00:00\",\"description\":\"Motosierra muy robusta para las m\u00e1ximas exigencias. Extraordinaria relaci\u00f3n potencia-peso, tecnolog\u00eda de vanguardia y excepcional velocidad de corte y par motor. Equipada de serie con la cadena RSC de STIHL que absorbe las vibraciones. Los niveles de vibraciones m\u00e1s bajos de su clase. Disponible en tama\u00f1os de espada de 16\\\"\/40cm a 20\\\"\/50cm.\",\"breadcrumb\":{\"@id\":\"https:\/\/corralonsanchezbelen.com\/index.php\/producto\/motosierra-ms-361-stihl\/#breadcrumb\"},\"inLanguage\":\"es\",\"potentialAction\":[{\"@type\":\"ReadAction\",\"target\":[\"https:\/\/corralonsanchezbelen.com\/index.php\/producto\/motosierra-ms-361-stihl\/\"]}]},{\"@type\":\"ImageObject\",\"inLanguage\":\"es\",\"@id\":\"https:\/\/corralonsanchezbelen.com\/index.php\/producto\/motosierra-ms-361-stihl\/#primaryimage\",\"url\":\"https:\/\/corralonsanchezbelen.com\/wp-content\/uploads\/2024\/08\/img-1-1.jpg\",\"contentUrl\":\"https:\/\/corralonsanchezbelen.com\/wp-content\/uploads\/2024\/08\/img-1-1.jpg\",\"width\":1065,\"height\":525},{\"@type\":\"BreadcrumbList\",\"@id\":\"https:\/\/corralonsanchezbelen.com\/index.php\/producto\/motosierra-ms-361-stihl\/#breadcrumb\",\"itemListElement\":[{\"@type\":\"ListItem\",\"position\":1,\"name\":\"Portada\",\"item\":\"https:\/\/corralonsanchezbelen.com\/\"},{\"@type\":\"ListItem\",\"position\":2,\"name\":\"Tienda\",\"item\":\"https:\/\/corralonsanchezbelen.com\/index.php\/tienda-2\/\"},{\"@type\":\"ListItem\",\"position\":3,\"name\":\"Motosierra MS 361 STIHL\"}]},{\"@type\":\"WebSite\",\"@id\":\"https:\/\/corralonsanchezbelen.com\/#website\",\"url\":\"https:\/\/corralonsanchezbelen.com\/\",\"name\":\"Corralon Sanchez\",\"description\":\"El maestro de la construcci\u00f3n.\",\"publisher\":{\"@id\":\"https:\/\/corralonsanchezbelen.com\/#organization\"},\"potentialAction\":[{\"@type\":\"SearchAction\",\"target\":{\"@type\":\"EntryPoint\",\"urlTemplate\":\"https:\/\/corralonsanchezbelen.com\/?s={search_term_string}\"},\"query-input\":{\"@type\":\"PropertyValueSpecification\",\"valueRequired\":true,\"valueName\":\"search_term_string\"}}],\"inLanguage\":\"es\"},{\"@type\":\"Organization\",\"@id\":\"https:\/\/corralonsanchezbelen.com\/#organization\",\"name\":\"Corralon Sanchez\",\"url\":\"https:\/\/corralonsanchezbelen.com\/\",\"logo\":{\"@type\":\"ImageObject\",\"inLanguage\":\"es\",\"@id\":\"https:\/\/corralonsanchezbelen.com\/#\/schema\/logo\/image\/\",\"url\":\"https:\/\/corralonsanchezbelen.com\/wp-content\/uploads\/2024\/06\/Diseno-sin-tituloq.png\",\"contentUrl\":\"https:\/\/corralonsanchezbelen.com\/wp-content\/uploads\/2024\/06\/Diseno-sin-tituloq.png\",\"width\":1080,\"height\":1080,\"caption\":\"Corralon Sanchez\"},\"image\":{\"@id\":\"https:\/\/corralonsanchezbelen.com\/#\/schema\/logo\/image\/\"},\"sameAs\":[\"https:\/\/www.facebook.com\/corralon.sanchez.belen\",\"https:\/\/www.instagram.com\/corralon.sanchez\/\"]}]}<\/script>\n<!-- \/ Yoast SEO plugin. -->","yoast_head_json":{"title":"Motosierra MS 361 STIHL - Corralon Sanchez","description":"Motosierra muy robusta para las m\u00e1ximas exigencias. Extraordinaria relaci\u00f3n potencia-peso, tecnolog\u00eda de vanguardia y excepcional velocidad de corte y par motor. Equipada de serie con la cadena RSC de STIHL que absorbe las vibraciones. Los niveles de vibraciones m\u00e1s bajos de su clase. Disponible en tama\u00f1os de espada de 16\"\/40cm a 20\"\/50cm.","robots":{"index":"index","follow":"follow","max-snippet":"max-snippet:-1","max-image-preview":"max-image-preview:large","max-video-preview":"max-video-preview:-1"},"canonical":"https:\/\/corralonsanchezbelen.com\/index.php\/producto\/motosierra-ms-361-stihl\/","og_locale":"es_ES","og_type":"article","og_title":"Motosierra MS 361 STIHL - Corralon Sanchez","og_description":"Motosierra muy robusta para las m\u00e1ximas exigencias. Extraordinaria relaci\u00f3n potencia-peso, tecnolog\u00eda de vanguardia y excepcional velocidad de corte y par motor. Equipada de serie con la cadena RSC de STIHL que absorbe las vibraciones. Los niveles de vibraciones m\u00e1s bajos de su clase. Disponible en tama\u00f1os de espada de 16\"\/40cm a 20\"\/50cm.","og_url":"https:\/\/corralonsanchezbelen.com\/index.php\/producto\/motosierra-ms-361-stihl\/","og_site_name":"Corralon Sanchez","article_publisher":"https:\/\/www.facebook.com\/corralon.sanchez.belen","article_modified_time":"2024-08-05T07:16:31+00:00","og_image":[{"width":1065,"height":525,"url":"https:\/\/corralonsanchezbelen.com\/wp-content\/uploads\/2024\/08\/img-1-1.jpg","type":"image\/jpeg"}],"twitter_card":"summary_large_image","twitter_misc":{"Tiempo de lectura":"3 minutos"},"schema":{"@context":"https:\/\/schema.org","@graph":[{"@type":"WebPage","@id":"https:\/\/corralonsanchezbelen.com\/index.php\/producto\/motosierra-ms-361-stihl\/","url":"https:\/\/corralonsanchezbelen.com\/index.php\/producto\/motosierra-ms-361-stihl\/","name":"Motosierra MS 361 STIHL - Corralon Sanchez","isPartOf":{"@id":"https:\/\/corralonsanchezbelen.com\/#website"},"primaryImageOfPage":{"@id":"https:\/\/corralonsanchezbelen.com\/index.php\/producto\/motosierra-ms-361-stihl\/#primaryimage"},"image":{"@id":"https:\/\/corralonsanchezbelen.com\/index.php\/producto\/motosierra-ms-361-stihl\/#primaryimage"},"thumbnailUrl":"https:\/\/corralonsanchezbelen.com\/wp-content\/uploads\/2024\/08\/img-1-1.jpg","datePublished":"2024-08-05T07:13:44+00:00","dateModified":"2024-08-05T07:16:31+00:00","description":"Motosierra muy robusta para las m\u00e1ximas exigencias. Extraordinaria relaci\u00f3n potencia-peso, tecnolog\u00eda de vanguardia y excepcional velocidad de corte y par motor. Equipada de serie con la cadena RSC de STIHL que absorbe las vibraciones. Los niveles de vibraciones m\u00e1s bajos de su clase. Disponible en tama\u00f1os de espada de 16\"\/40cm a 20\"\/50cm.","breadcrumb":{"@id":"https:\/\/corralonsanchezbelen.com\/index.php\/producto\/motosierra-ms-361-stihl\/#breadcrumb"},"inLanguage":"es","potentialAction":[{"@type":"ReadAction","target":["https:\/\/corralonsanchezbelen.com\/index.php\/producto\/motosierra-ms-361-stihl\/"]}]},{"@type":"ImageObject","inLanguage":"es","@id":"https:\/\/corralonsanchezbelen.com\/index.php\/producto\/motosierra-ms-361-stihl\/#primaryimage","url":"https:\/\/corralonsanchezbelen.com\/wp-content\/uploads\/2024\/08\/img-1-1.jpg","contentUrl":"https:\/\/corralonsanchezbelen.com\/wp-content\/uploads\/2024\/08\/img-1-1.jpg","width":1065,"height":525},{"@type":"BreadcrumbList","@id":"https:\/\/corralonsanchezbelen.com\/index.php\/producto\/motosierra-ms-361-stihl\/#breadcrumb","itemListElement":[{"@type":"ListItem","position":1,"name":"Portada","item":"https:\/\/corralonsanchezbelen.com\/"},{"@type":"ListItem","position":2,"name":"Tienda","item":"https:\/\/corralonsanchezbelen.com\/index.php\/tienda-2\/"},{"@type":"ListItem","position":3,"name":"Motosierra MS 361 STIHL"}]},{"@type":"WebSite","@id":"https:\/\/corralonsanchezbelen.com\/#website","url":"https:\/\/corralonsanchezbelen.com\/","name":"Corralon Sanchez","description":"El maestro de la construcci\u00f3n.","publisher":{"@id":"https:\/\/corralonsanchezbelen.com\/#organization"},"potentialAction":[{"@type":"SearchAction","target":{"@type":"EntryPoint","urlTemplate":"https:\/\/corralonsanchezbelen.com\/?s={search_term_string}"},"query-input":{"@type":"PropertyValueSpecification","valueRequired":true,"valueName":"search_term_string"}}],"inLanguage":"es"},{"@type":"Organization","@id":"https:\/\/corralonsanchezbelen.com\/#organization","name":"Corralon Sanchez","url":"https:\/\/corralonsanchezbelen.com\/","logo":{"@type":"ImageObject","inLanguage":"es","@id":"https:\/\/corralonsanchezbelen.com\/#\/schema\/logo\/image\/","url":"https:\/\/corralonsanchezbelen.com\/wp-content\/uploads\/2024\/06\/Diseno-sin-tituloq.png","contentUrl":"https:\/\/corralonsanchezbelen.com\/wp-content\/uploads\/2024\/06\/Diseno-sin-tituloq.png","width":1080,"height":1080,"caption":"Corralon Sanchez"},"image":{"@id":"https:\/\/corralonsanchezbelen.com\/#\/schema\/logo\/image\/"},"sameAs":["https:\/\/www.facebook.com\/corralon.sanchez.belen","https:\/\/www.instagram.com\/corralon.sanchez\/"]}]}},"_links":{"self":[{"href":"https:\/\/corralonsanchezbelen.com\/index.php\/wp-json\/wp\/v2\/product\/3294","targetHints":{"allow":["GET"]}}],"collection":[{"href":"https:\/\/corralonsanchezbelen.com\/index.php\/wp-json\/wp\/v2\/product"}],"about":[{"href":"https:\/\/corralonsanchezbelen.com\/index.php\/wp-json\/wp\/v2\/types\/product"}],"replies":[{"embeddable":true,"href":"https:\/\/corralonsanchezbelen.com\/index.php\/wp-json\/wp\/v2\/comments?post=3294"}],"wp:featuredmedia":[{"embeddable":true,"href":"https:\/\/corralonsanchezbelen.com\/index.php\/wp-json\/wp\/v2\/media\/3290"}],"wp:attachment":[{"href":"https:\/\/corralonsanchezbelen.com\/index.php\/wp-json\/wp\/v2\/media?parent=3294"}],"wp:term":[{"taxonomy":"product_brand","embeddable":true,"href":"https:\/\/corralonsanchezbelen.com\/index.php\/wp-json\/wp\/v2\/product_brand?post=3294"},{"taxonomy":"product_cat","embeddable":true,"href":"https:\/\/corralonsanchezbelen.com\/index.php\/wp-json\/wp\/v2\/product_cat?post=3294"},{"taxonomy":"product_tag","embeddable":true,"href":"https:\/\/corralonsanchezbelen.com\/index.php\/wp-json\/wp\/v2\/product_tag?post=3294"}],"curies":[{"name":"wp","href":"https:\/\/api.w.org\/{rel}","templated":true}]}}