{"id":2258,"date":"2024-07-11T01:46:12","date_gmt":"2024-07-11T04:46:12","guid":{"rendered":"https:\/\/corralonsanchezbelen.com\/?post_type=product&#038;p=2258"},"modified":"2024-07-11T01:46:12","modified_gmt":"2024-07-11T04:46:12","slug":"tijera-articulada-para-cortar-canos-de-pvc-pesada-bremen","status":"publish","type":"product","link":"https:\/\/corralonsanchezbelen.com\/index.php\/producto\/tijera-articulada-para-cortar-canos-de-pvc-pesada-bremen\/","title":{"rendered":"Tijera Articulada para Cortar Ca\u00f1os de PVC (Pesada) Bremen"},"content":{"rendered":"<p>Corta ca\u00f1os y tubos de PVC y otros tipos de pl\u00e1sticos (PE, PP, PEX y ABS) No usar en ca\u00f1os de acero ni en l\u00edneas de cable el\u00e9ctrico<\/p>\n","protected":false},"excerpt":{"rendered":"<p>Corta ca\u00f1os de PVC hasta 42mm<br \/>\nDientes m\u00e1s gruesos de 2,85mm de espesor<br \/>\nMango largo que permite una mayor palanca en ca\u00f1os dif\u00edciles de cortar<br \/>\nF\u00e1cil intercambio de cuchilla<br \/>\nCorta de manera limpia, sin da\u00f1ar ni deformar ca\u00f1os de PVC y otros pl\u00e1sticos<br \/>\nCuchilla de acero inoxidable de alta calidad<\/p>\n","protected":false},"featured_media":2259,"comment_status":"open","ping_status":"closed","template":"","meta":[],"product_brand":[],"product_cat":[61,53,55],"product_tag":[60],"class_list":{"0":"post-2258","1":"product","2":"type-product","3":"status-publish","4":"has-post-thumbnail","6":"product_cat-accesorios-bremen","7":"product_cat-herramientas-ajustables","8":"product_cat-herramientas-tijeras","9":"product_tag-bremen","11":"first","12":"instock","13":"taxable","14":"shipping-taxable","15":"product-type-simple"},"yoast_head":"<!-- This site is optimized with the Yoast SEO plugin v24.7 - https:\/\/yoast.com\/wordpress\/plugins\/seo\/ -->\n<title>Tijera Articulada para Cortar Ca\u00f1os de PVC (Pesada) Bremen - Corralon Sanchez<\/title>\n<meta name=\"description\" content=\"Corta ca\u00f1os de PVC hasta 42mm Dientes m\u00e1s gruesos de 2,85mm de espesor Mango largo que permite una mayor palanca en ca\u00f1os dif\u00edciles de cortar F\u00e1cil intercambio de cuchilla Corta de manera limpia, sin da\u00f1ar ni deformar ca\u00f1os de PVC y otros pl\u00e1sticos Cuchilla de acero inoxidable de alta calidad\" \/>\n<meta name=\"robots\" content=\"index, follow, max-snippet:-1, max-image-preview:large, max-video-preview:-1\" \/>\n<link rel=\"canonical\" href=\"https:\/\/corralonsanchezbelen.com\/index.php\/producto\/tijera-articulada-para-cortar-canos-de-pvc-pesada-bremen\/\" \/>\n<meta property=\"og:locale\" content=\"es_ES\" \/>\n<meta property=\"og:type\" content=\"article\" \/>\n<meta property=\"og:title\" content=\"Tijera Articulada para Cortar Ca\u00f1os de PVC (Pesada) Bremen - Corralon Sanchez\" \/>\n<meta property=\"og:description\" content=\"Corta ca\u00f1os de PVC hasta 42mm Dientes m\u00e1s gruesos de 2,85mm de espesor Mango largo que permite una mayor palanca en ca\u00f1os dif\u00edciles de cortar F\u00e1cil intercambio de cuchilla Corta de manera limpia, sin da\u00f1ar ni deformar ca\u00f1os de PVC y otros pl\u00e1sticos Cuchilla de acero inoxidable de alta calidad\" \/>\n<meta property=\"og:url\" content=\"https:\/\/corralonsanchezbelen.com\/index.php\/producto\/tijera-articulada-para-cortar-canos-de-pvc-pesada-bremen\/\" \/>\n<meta property=\"og:site_name\" content=\"Corralon Sanchez\" \/>\n<meta property=\"article:publisher\" content=\"https:\/\/www.facebook.com\/corralon.sanchez.belen\" \/>\n<meta property=\"og:image\" content=\"https:\/\/corralonsanchezbelen.com\/wp-content\/uploads\/2024\/07\/158279-800-auto.webp\" \/>\n\t<meta property=\"og:image:width\" content=\"540\" \/>\n\t<meta property=\"og:image:height\" content=\"632\" \/>\n\t<meta property=\"og:image:type\" content=\"image\/webp\" \/>\n<meta name=\"twitter:card\" content=\"summary_large_image\" \/>\n<meta name=\"twitter:label1\" content=\"Tiempo de lectura\" \/>\n\t<meta name=\"twitter:data1\" content=\"1 minuto\" \/>\n<script type=\"application\/ld+json\" class=\"yoast-schema-graph\">{\"@context\":\"https:\/\/schema.org\",\"@graph\":[{\"@type\":\"WebPage\",\"@id\":\"https:\/\/corralonsanchezbelen.com\/index.php\/producto\/tijera-articulada-para-cortar-canos-de-pvc-pesada-bremen\/\",\"url\":\"https:\/\/corralonsanchezbelen.com\/index.php\/producto\/tijera-articulada-para-cortar-canos-de-pvc-pesada-bremen\/\",\"name\":\"Tijera Articulada para Cortar Ca\u00f1os de PVC (Pesada) Bremen - Corralon Sanchez\",\"isPartOf\":{\"@id\":\"https:\/\/corralonsanchezbelen.com\/#website\"},\"primaryImageOfPage\":{\"@id\":\"https:\/\/corralonsanchezbelen.com\/index.php\/producto\/tijera-articulada-para-cortar-canos-de-pvc-pesada-bremen\/#primaryimage\"},\"image\":{\"@id\":\"https:\/\/corralonsanchezbelen.com\/index.php\/producto\/tijera-articulada-para-cortar-canos-de-pvc-pesada-bremen\/#primaryimage\"},\"thumbnailUrl\":\"https:\/\/corralonsanchezbelen.com\/wp-content\/uploads\/2024\/07\/158279-800-auto.webp\",\"datePublished\":\"2024-07-11T04:46:12+00:00\",\"description\":\"Corta ca\u00f1os de PVC hasta 42mm Dientes m\u00e1s gruesos de 2,85mm de espesor Mango largo que permite una mayor palanca en ca\u00f1os dif\u00edciles de cortar F\u00e1cil intercambio de cuchilla Corta de manera limpia, sin da\u00f1ar ni deformar ca\u00f1os de PVC y otros pl\u00e1sticos Cuchilla de acero inoxidable de alta calidad\",\"breadcrumb\":{\"@id\":\"https:\/\/corralonsanchezbelen.com\/index.php\/producto\/tijera-articulada-para-cortar-canos-de-pvc-pesada-bremen\/#breadcrumb\"},\"inLanguage\":\"es\",\"potentialAction\":[{\"@type\":\"ReadAction\",\"target\":[\"https:\/\/corralonsanchezbelen.com\/index.php\/producto\/tijera-articulada-para-cortar-canos-de-pvc-pesada-bremen\/\"]}]},{\"@type\":\"ImageObject\",\"inLanguage\":\"es\",\"@id\":\"https:\/\/corralonsanchezbelen.com\/index.php\/producto\/tijera-articulada-para-cortar-canos-de-pvc-pesada-bremen\/#primaryimage\",\"url\":\"https:\/\/corralonsanchezbelen.com\/wp-content\/uploads\/2024\/07\/158279-800-auto.webp\",\"contentUrl\":\"https:\/\/corralonsanchezbelen.com\/wp-content\/uploads\/2024\/07\/158279-800-auto.webp\",\"width\":540,\"height\":632},{\"@type\":\"BreadcrumbList\",\"@id\":\"https:\/\/corralonsanchezbelen.com\/index.php\/producto\/tijera-articulada-para-cortar-canos-de-pvc-pesada-bremen\/#breadcrumb\",\"itemListElement\":[{\"@type\":\"ListItem\",\"position\":1,\"name\":\"Portada\",\"item\":\"https:\/\/corralonsanchezbelen.com\/\"},{\"@type\":\"ListItem\",\"position\":2,\"name\":\"Tienda\",\"item\":\"https:\/\/corralonsanchezbelen.com\/index.php\/tienda-2\/\"},{\"@type\":\"ListItem\",\"position\":3,\"name\":\"Tijera Articulada para Cortar Ca\u00f1os de PVC (Pesada) Bremen\"}]},{\"@type\":\"WebSite\",\"@id\":\"https:\/\/corralonsanchezbelen.com\/#website\",\"url\":\"https:\/\/corralonsanchezbelen.com\/\",\"name\":\"Corralon Sanchez\",\"description\":\"El maestro de la construcci\u00f3n.\",\"publisher\":{\"@id\":\"https:\/\/corralonsanchezbelen.com\/#organization\"},\"potentialAction\":[{\"@type\":\"SearchAction\",\"target\":{\"@type\":\"EntryPoint\",\"urlTemplate\":\"https:\/\/corralonsanchezbelen.com\/?s={search_term_string}\"},\"query-input\":{\"@type\":\"PropertyValueSpecification\",\"valueRequired\":true,\"valueName\":\"search_term_string\"}}],\"inLanguage\":\"es\"},{\"@type\":\"Organization\",\"@id\":\"https:\/\/corralonsanchezbelen.com\/#organization\",\"name\":\"Corralon Sanchez\",\"url\":\"https:\/\/corralonsanchezbelen.com\/\",\"logo\":{\"@type\":\"ImageObject\",\"inLanguage\":\"es\",\"@id\":\"https:\/\/corralonsanchezbelen.com\/#\/schema\/logo\/image\/\",\"url\":\"https:\/\/corralonsanchezbelen.com\/wp-content\/uploads\/2024\/06\/Diseno-sin-tituloq.png\",\"contentUrl\":\"https:\/\/corralonsanchezbelen.com\/wp-content\/uploads\/2024\/06\/Diseno-sin-tituloq.png\",\"width\":1080,\"height\":1080,\"caption\":\"Corralon Sanchez\"},\"image\":{\"@id\":\"https:\/\/corralonsanchezbelen.com\/#\/schema\/logo\/image\/\"},\"sameAs\":[\"https:\/\/www.facebook.com\/corralon.sanchez.belen\",\"https:\/\/www.instagram.com\/corralon.sanchez\/\"]}]}<\/script>\n<!-- \/ Yoast SEO plugin. -->","yoast_head_json":{"title":"Tijera Articulada para Cortar Ca\u00f1os de PVC (Pesada) Bremen - Corralon Sanchez","description":"Corta ca\u00f1os de PVC hasta 42mm Dientes m\u00e1s gruesos de 2,85mm de espesor Mango largo que permite una mayor palanca en ca\u00f1os dif\u00edciles de cortar F\u00e1cil intercambio de cuchilla Corta de manera limpia, sin da\u00f1ar ni deformar ca\u00f1os de PVC y otros pl\u00e1sticos Cuchilla de acero inoxidable de alta calidad","robots":{"index":"index","follow":"follow","max-snippet":"max-snippet:-1","max-image-preview":"max-image-preview:large","max-video-preview":"max-video-preview:-1"},"canonical":"https:\/\/corralonsanchezbelen.com\/index.php\/producto\/tijera-articulada-para-cortar-canos-de-pvc-pesada-bremen\/","og_locale":"es_ES","og_type":"article","og_title":"Tijera Articulada para Cortar Ca\u00f1os de PVC (Pesada) Bremen - Corralon Sanchez","og_description":"Corta ca\u00f1os de PVC hasta 42mm Dientes m\u00e1s gruesos de 2,85mm de espesor Mango largo que permite una mayor palanca en ca\u00f1os dif\u00edciles de cortar F\u00e1cil intercambio de cuchilla Corta de manera limpia, sin da\u00f1ar ni deformar ca\u00f1os de PVC y otros pl\u00e1sticos Cuchilla de acero inoxidable de alta calidad","og_url":"https:\/\/corralonsanchezbelen.com\/index.php\/producto\/tijera-articulada-para-cortar-canos-de-pvc-pesada-bremen\/","og_site_name":"Corralon Sanchez","article_publisher":"https:\/\/www.facebook.com\/corralon.sanchez.belen","og_image":[{"width":540,"height":632,"url":"https:\/\/corralonsanchezbelen.com\/wp-content\/uploads\/2024\/07\/158279-800-auto.webp","type":"image\/webp"}],"twitter_card":"summary_large_image","twitter_misc":{"Tiempo de lectura":"1 minuto"},"schema":{"@context":"https:\/\/schema.org","@graph":[{"@type":"WebPage","@id":"https:\/\/corralonsanchezbelen.com\/index.php\/producto\/tijera-articulada-para-cortar-canos-de-pvc-pesada-bremen\/","url":"https:\/\/corralonsanchezbelen.com\/index.php\/producto\/tijera-articulada-para-cortar-canos-de-pvc-pesada-bremen\/","name":"Tijera Articulada para Cortar Ca\u00f1os de PVC (Pesada) Bremen - Corralon Sanchez","isPartOf":{"@id":"https:\/\/corralonsanchezbelen.com\/#website"},"primaryImageOfPage":{"@id":"https:\/\/corralonsanchezbelen.com\/index.php\/producto\/tijera-articulada-para-cortar-canos-de-pvc-pesada-bremen\/#primaryimage"},"image":{"@id":"https:\/\/corralonsanchezbelen.com\/index.php\/producto\/tijera-articulada-para-cortar-canos-de-pvc-pesada-bremen\/#primaryimage"},"thumbnailUrl":"https:\/\/corralonsanchezbelen.com\/wp-content\/uploads\/2024\/07\/158279-800-auto.webp","datePublished":"2024-07-11T04:46:12+00:00","description":"Corta ca\u00f1os de PVC hasta 42mm Dientes m\u00e1s gruesos de 2,85mm de espesor Mango largo que permite una mayor palanca en ca\u00f1os dif\u00edciles de cortar F\u00e1cil intercambio de cuchilla Corta de manera limpia, sin da\u00f1ar ni deformar ca\u00f1os de PVC y otros pl\u00e1sticos Cuchilla de acero inoxidable de alta calidad","breadcrumb":{"@id":"https:\/\/corralonsanchezbelen.com\/index.php\/producto\/tijera-articulada-para-cortar-canos-de-pvc-pesada-bremen\/#breadcrumb"},"inLanguage":"es","potentialAction":[{"@type":"ReadAction","target":["https:\/\/corralonsanchezbelen.com\/index.php\/producto\/tijera-articulada-para-cortar-canos-de-pvc-pesada-bremen\/"]}]},{"@type":"ImageObject","inLanguage":"es","@id":"https:\/\/corralonsanchezbelen.com\/index.php\/producto\/tijera-articulada-para-cortar-canos-de-pvc-pesada-bremen\/#primaryimage","url":"https:\/\/corralonsanchezbelen.com\/wp-content\/uploads\/2024\/07\/158279-800-auto.webp","contentUrl":"https:\/\/corralonsanchezbelen.com\/wp-content\/uploads\/2024\/07\/158279-800-auto.webp","width":540,"height":632},{"@type":"BreadcrumbList","@id":"https:\/\/corralonsanchezbelen.com\/index.php\/producto\/tijera-articulada-para-cortar-canos-de-pvc-pesada-bremen\/#breadcrumb","itemListElement":[{"@type":"ListItem","position":1,"name":"Portada","item":"https:\/\/corralonsanchezbelen.com\/"},{"@type":"ListItem","position":2,"name":"Tienda","item":"https:\/\/corralonsanchezbelen.com\/index.php\/tienda-2\/"},{"@type":"ListItem","position":3,"name":"Tijera Articulada para Cortar Ca\u00f1os de PVC (Pesada) Bremen"}]},{"@type":"WebSite","@id":"https:\/\/corralonsanchezbelen.com\/#website","url":"https:\/\/corralonsanchezbelen.com\/","name":"Corralon Sanchez","description":"El maestro de la construcci\u00f3n.","publisher":{"@id":"https:\/\/corralonsanchezbelen.com\/#organization"},"potentialAction":[{"@type":"SearchAction","target":{"@type":"EntryPoint","urlTemplate":"https:\/\/corralonsanchezbelen.com\/?s={search_term_string}"},"query-input":{"@type":"PropertyValueSpecification","valueRequired":true,"valueName":"search_term_string"}}],"inLanguage":"es"},{"@type":"Organization","@id":"https:\/\/corralonsanchezbelen.com\/#organization","name":"Corralon Sanchez","url":"https:\/\/corralonsanchezbelen.com\/","logo":{"@type":"ImageObject","inLanguage":"es","@id":"https:\/\/corralonsanchezbelen.com\/#\/schema\/logo\/image\/","url":"https:\/\/corralonsanchezbelen.com\/wp-content\/uploads\/2024\/06\/Diseno-sin-tituloq.png","contentUrl":"https:\/\/corralonsanchezbelen.com\/wp-content\/uploads\/2024\/06\/Diseno-sin-tituloq.png","width":1080,"height":1080,"caption":"Corralon Sanchez"},"image":{"@id":"https:\/\/corralonsanchezbelen.com\/#\/schema\/logo\/image\/"},"sameAs":["https:\/\/www.facebook.com\/corralon.sanchez.belen","https:\/\/www.instagram.com\/corralon.sanchez\/"]}]}},"_links":{"self":[{"href":"https:\/\/corralonsanchezbelen.com\/index.php\/wp-json\/wp\/v2\/product\/2258","targetHints":{"allow":["GET"]}}],"collection":[{"href":"https:\/\/corralonsanchezbelen.com\/index.php\/wp-json\/wp\/v2\/product"}],"about":[{"href":"https:\/\/corralonsanchezbelen.com\/index.php\/wp-json\/wp\/v2\/types\/product"}],"replies":[{"embeddable":true,"href":"https:\/\/corralonsanchezbelen.com\/index.php\/wp-json\/wp\/v2\/comments?post=2258"}],"wp:featuredmedia":[{"embeddable":true,"href":"https:\/\/corralonsanchezbelen.com\/index.php\/wp-json\/wp\/v2\/media\/2259"}],"wp:attachment":[{"href":"https:\/\/corralonsanchezbelen.com\/index.php\/wp-json\/wp\/v2\/media?parent=2258"}],"wp:term":[{"taxonomy":"product_brand","embeddable":true,"href":"https:\/\/corralonsanchezbelen.com\/index.php\/wp-json\/wp\/v2\/product_brand?post=2258"},{"taxonomy":"product_cat","embeddable":true,"href":"https:\/\/corralonsanchezbelen.com\/index.php\/wp-json\/wp\/v2\/product_cat?post=2258"},{"taxonomy":"product_tag","embeddable":true,"href":"https:\/\/corralonsanchezbelen.com\/index.php\/wp-json\/wp\/v2\/product_tag?post=2258"}],"curies":[{"name":"wp","href":"https:\/\/api.w.org\/{rel}","templated":true}]}}